{"id":293,"date":"2016-12-31T07:16:36","date_gmt":"2016-12-31T06:16:36","guid":{"rendered":"http:\/\/www.hpih.org\/socios-copy\/"},"modified":"2017-05-08T11:39:14","modified_gmt":"2017-05-08T09:39:14","slug":"estatutos","status":"publish","type":"page","link":"https:\/\/www.hpih.org\/es\/estatutos\/","title":{"rendered":"Estatutos"},"content":{"rendered":"<div id=\"cs-content\" class=\"cs-content\"><div id=\"x-section-1\"  class=\"x-section\"  style=\"margin: 0px;padding: 0px; background-color: transparent;\"   ><div  class=\"x-container max width\"  style=\"margin: 0px auto;padding: 0px;\"   ><div  class=\"x-column x-sm x-1-1\" style=\"padding: 0px;\" ><h2  class=\"h-custom-headline h3 accent\" style=\"color: hsl(0, 100%, 50%);\"><span>Estatutos<\/span><\/h2><div  class=\"x-text\"    ><p><b>ESTATUTOS DE LA C\u00c1MARA DE COMERCIO HISPANO-POLACA <\/b><\/p>\n<p>&nbsp;<\/p>\n<p><b>CAPITULO I <\/b><\/p>\n<p><b>DENOMINACI\u00d3N, FINES, DOMICILIO Y \u00c1MBITO<\/b><\/p>\n<p><b>Art\u00edculo 1.-<\/b> <b>DENOMINACION<\/b><\/p>\n<p><span style=\"font-weight: 400;\">Con la denominaci\u00f3n de CAMARA DE COMERCIO HISPANO-POLACA se constituye una ASOCIACION al amparo de la Ley Org\u00e1nica 1\/2002, de 22 de marzo, y normas complementarias, con personalidad jur\u00eddica y plena capacidad de obrar, careciendo de \u00e1nimo de lucro. <\/span><\/p>\n<p><strong>\u00a0<\/strong><\/p>\n<p><b>Art\u00edculo 2.-<\/b><span style=\"font-weight: 400;\"> \u00a0<\/span><b>DURACI\u00d3N<\/b><\/p>\n<p><span style=\"font-weight: 400;\">Esta asociaci\u00f3n se constituye por tiempo indefinido. <\/span><\/p>\n<p><strong>\u00a0<\/strong><\/p>\n<p><b>Art\u00edculo 3.<\/b><span style=\"font-weight: 400;\">&#8211; <\/span><b>FINES<\/b><\/p>\n<p><span style=\"font-weight: 400;\">Los fines de la ASOCIACI\u00d3N \u00a0ser\u00e1n los siguientes:<\/span><\/p>\n<p><span style=\"font-weight: 400;\">Fomentar las relaciones econ\u00f3micas y culturales hispano-polacas, proteger los intereses comerciales e industriales de sus miembros y desarrollar el comercio entre Espa\u00f1a y Polonia. <\/span><\/p>\n<p><span style=\"font-weight: 400;\">Las actividades de la ASOCIACI\u00d3N no tendr\u00e1n en ning\u00fan caso \u00e1nimo de lucro.<\/span><\/p>\n<p><strong>\u00a0<\/strong><\/p>\n<p><b>Art\u00edculo 4.-<\/b><span style=\"font-weight: 400;\"> \u00a0<\/span><b>CUMPLIMIENTO DE FINES<\/b><\/p>\n<p><span style=\"font-weight: 400;\">Para el cumplimiento de estos fines se realizar\u00e1n las siguientes actividades: <\/span><\/p>\n<p><span style=\"font-weight: 400;\">Realizar toda clase de actividades de asesoramiento y formaci\u00f3n para dar a conocer las posibilidades econ\u00f3micas y comerciales de los productos fabricados en Espa\u00f1a para Polonia y de los productos fabricados en Polonia para Espa\u00f1a, as\u00ed como ayudar en los tr\u00e1mites administrativos y arancelarios para la importaci\u00f3n y exportaci\u00f3n de dichos productos, contando para ello con los medios personales y materiales necesarios.<\/span><\/p>\n<p><span style=\"font-weight: 400;\">La Junta Directiva de la ASOCIACI\u00d3N estar\u00e1 facultada para nombrar y destituir personas, promover, constituir y disolver Comisiones, Comit\u00e9s y\/o un Consejo Consultivo, para la realizaci\u00f3n de misiones temporales, permanentes o asuntos determinados.<\/span><\/p>\n<p>&nbsp;<\/p>\n<p><b>Art\u00edculo 5.-<\/b><span style=\"font-weight: 400;\"> \u00a0<\/span><b>DOMICILIO<\/b><\/p>\n<p><span style=\"font-weight: 400;\">La ASOCIACION establece su domicilio social en 28036 Madrid, calle San Juan de la Salle 3 y su \u00e1mbito territorial en el que va a realizar principalmente sus actividades es todo el territorio del Estado espa\u00f1ol.<\/span><\/p>\n<p><strong>\u00a0<\/strong><\/p>\n<p><b>CAPITULO II <\/b><\/p>\n<p><b>\u00d3RGANO DE REPRESENTACI\u00d3N <\/b><\/p>\n<p><b>Art\u00edculo 6.-<\/b><span style=\"font-weight: 400;\"> \u00a0<\/span><b>JUNTA DIRECTIVA. COMPOSICION<\/b><\/p>\n<p><span style=\"font-weight: 400;\">La ASOCIACI\u00d3N ser\u00e1 dirigida por una Junta Directiva, que actuar\u00e1 a su leal saber y entender, gozando de completa libertad de acci\u00f3n para elegir y adoptar las medidas que estime necesarias, salvo cuando la Asamblea General anual haya fijado normas determinadas de actuaci\u00f3n.<\/span><\/p>\n<p><span style=\"font-weight: 400;\">La Junta Directiva se compondr\u00e1 de cuatro miembros, como m\u00ednimo, y diez como m\u00e1ximo, todos ellos miembros de la ASOCIACI\u00d3N. Estar\u00e1 integrada por un Presidente, un Vicepresidente, un Secretario, un Tesorero y el resto completado por Vocales. Todos los cargos que componen la Junta Directiva ser\u00e1n gratuitos. \u00c9stos ser\u00e1n designados y revocados por la Asamblea General y su mandato tendr\u00e1 una duraci\u00f3n de cuatro a\u00f1os, con posibilidad de reelecci\u00f3n inmediata. <\/span><\/p>\n<p><span style=\"font-weight: 400;\">El Presidente delegar\u00e1 el trabajo corriente en una Secretar\u00eda\/Administraci\u00f3n, compuesta del personal necesario, y en la persona o personas que eventualmente designe.<\/span><\/p>\n<p><strong>\u00a0<\/strong><\/p>\n<p><b>Art\u00edculo 7.-<\/b><span style=\"font-weight: 400;\"> \u00a0<\/span><b>ELECCION DE LA JUNTA DIRECTIVA. <\/b><span style=\"font-weight: 400;\">\u00a0<\/span><\/p>\n<p><span style=\"font-weight: 400;\">La candidatura para el acceso a miembro de la Junta Directiva podr\u00e1 ser propuesta por la misma. Tambi\u00e9n podr\u00e1n proponer una lista de candidatos, diez miembros de la ASOCIACI\u00d3N, que deber\u00e1 ponerse a disposici\u00f3n del Presidente, al menos 8 d\u00edas antes de celebrarse la Junta.<\/span><\/p>\n<p><span style=\"font-weight: 400;\">De esta lista o listas de candidatos, la Asamblea General nombrar\u00e1 la Junta Directiva completa. Asimismo, designar\u00e1 los cargos de Presidente y Vicepresidentes de entre los miembros directivos.<\/span><\/p>\n<p><span style=\"font-weight: 400;\">La Junta Directiva designar\u00e1 entre sus componentes un Secretario y un Tesorero.<\/span><\/p>\n<p><span style=\"font-weight: 400;\">Los miembros de la Junta Directiva podr\u00e1n causar baja por renuncia voluntaria comunicada por escrito a la Junta Directiva, por incumplimiento de las obligaciones que tuvieran encomendadas y por expiraci\u00f3n del mandato. <\/span><\/p>\n<p><strong>\u00a0<\/strong><\/p>\n<p><b>Art\u00edculo 8.-<\/b> <b>DERECHO DE COOPTACION<\/b><\/p>\n<p><span style=\"font-weight: 400;\">Los miembros de la Junta Directiva que hubieran agotado el plazo para el cual fueron elegidos, continuar\u00e1n ostentando sus cargos hasta el momento en que se produzca la aceptaci\u00f3n de los que les sustituyan. <\/span><\/p>\n<p><span style=\"font-weight: 400;\">Si se produjese la baja o cese en su cargo de cualquiera de los miembros de la Junta Directiva, por cualquier raz\u00f3n, antes de finalizar el plazo establecido de duraci\u00f3n de su cargo, y por el tiempo que falte, la Junta Directiva podr\u00e1 completar el n\u00famero de sus componentes con otro de los miembros de la ASOCIACI\u00d3N, provisionalmente designado, cuyo nombramiento ser\u00e1 sometido a la aprobaci\u00f3n de la primera Asamblea General que se celebre.<\/span><\/p>\n<p><strong>\u00a0<\/strong><\/p>\n<p><b>Art\u00edculo 9.-<\/b><span style=\"font-weight: 400;\"> \u00a0<\/span><b>REUNION Y VOTACION DE LA JUNTA DIRECTIVA<\/b><\/p>\n<p><span style=\"font-weight: 400;\">La Junta Directiva se reunir\u00e1 cuantas veces lo determine su Presidente y a iniciativa o petici\u00f3n de cuatro de sus miembros. Quedar\u00e1 constituida cuando asista la mitad m\u00e1s uno de sus miembros y para que sus acuerdos sean v\u00e1lidos deber\u00e1n ser tomados por mayor\u00eda de votos. En caso de empate, el voto del Presidente ser\u00e1 de calidad. <\/span><\/p>\n<p><strong>\u00a0<\/strong><\/p>\n<p><b>Art\u00edculo 10.-<\/b><span style=\"font-weight: 400;\"> \u00a0<\/span><b>FACULTADES DE LA JUNTA DIRECTIVA<\/b><\/p>\n<p><span style=\"font-weight: 400;\">Las facultades de la Junta Directiva se extender\u00e1n, con car\u00e1cter general a todos los actos propios de las finalidades de la ASOCIACION, siempre que no requieran, seg\u00fan estos Estatutos, autorizaci\u00f3n expresa de la Asamblea General. <\/span><\/p>\n<p><span style=\"font-weight: 400;\">Son facultades particulares de la Junta Directiva: <\/span><\/p>\n<ol>\n<li><span style=\"font-weight: 400;\">Dirigir las actividades sociales y llevar la gesti\u00f3n econ\u00f3mica y administrativa de la ASOCIACI\u00d3N, acordando realizar los oportunos contratos y actos. <\/span><\/li>\n<li><span style=\"font-weight: 400;\">Ejecutar los acuerdos de la Asamblea General. <\/span><\/li>\n<li><span style=\"font-weight: 400;\">Formular y someter a la aprobaci\u00f3n de la Asamblea General los Balances y las Cuentas anuales. <\/span><\/li>\n<li><span style=\"font-weight: 400;\">Resolver sobre la admisi\u00f3n de nuevos asociados. <\/span><\/li>\n<li><span style=\"font-weight: 400;\">Nombrar delegados para alguna determinada actividad de la ASOCIACION.<\/span><\/li>\n<li><span style=\"font-weight: 400;\">Cualquier otra facultad que no sea de la exclusiva competencia de la Asamblea General de socios. <\/span><\/li>\n<\/ol>\n<p><strong>\u00a0<\/strong><\/p>\n<p><b>Art\u00edculo 11.-<\/b><span style=\"font-weight: 400;\"> \u00a0<\/span><b>EL PRESIDENTE<\/b><\/p>\n<p><span style=\"font-weight: 400;\">El Presidente tendr\u00e1 las siguientes atribuciones: Representar legalmente a la ASOCIACION ante toda clase de organismos p\u00fablicos o privados; convocar, presidir y levantar las sesiones que celebre la Asamblea General y la Junta Directiva, as\u00ed como dirigir las deliberaciones de una y otra; ordenar pagos y autorizar con su firma los documentos, actas y correspondencia; adoptar cualquier medida urgente que la buena marcha de la ASOCIACION aconseje o en el desarrollo de sus actividades resulte necesaria o conveniente, sin perjuicio de dar cuenta posteriormente a la Junta Directiva. <\/span><\/p>\n<p><strong>\u00a0<\/strong><\/p>\n<p><b>Art\u00edculo 12.-<\/b><span style=\"font-weight: 400;\"> \u00a0<\/span><b>EL VICEPRESIDENTE<\/b><\/p>\n<p><span style=\"font-weight: 400;\">El Vicepresidente sustituir\u00e1 al Presidente en ausencia de \u00e9ste, motivada por enfermedad o cualquier otra causa, y tendr\u00e1 las mismas atribuciones que \u00e9l. <\/span><\/p>\n<p><strong>\u00a0<\/strong><\/p>\n<p><b>Art\u00edculo 13.-<\/b><span style=\"font-weight: 400;\"> \u00a0<\/span><b>EL SECRETARIO<\/b><\/p>\n<p><span style=\"font-weight: 400;\">El Secretario tendr\u00e1 a cargo la direcci\u00f3n de los trabajos puramente administrativos de la ASOCIACI\u00d3N, expedir\u00e1 certificaciones, llevar\u00e1 los libros de la asociaci\u00f3n legalmente establecidos y el fichero de asociados, y custodiar\u00e1 la documentaci\u00f3n de la entidad, haciendo que se cursen las comunicaciones sobre designaci\u00f3n de Juntas Directivas y dem\u00e1s acuerdos sociales inscribibles a los Registros correspondientes, as\u00ed como el cumplimiento de las obligaciones documentales en los t\u00e9rminos que legalmente correspondan. <\/span><\/p>\n<p><strong>\u00a0<\/strong><\/p>\n<p><b>Art\u00edculo 14.-<\/b> <b>EL TESORERO<\/b><\/p>\n<p><span style=\"font-weight: 400;\">El Tesorero recaudar\u00e1 y custodiar\u00e1 los fondos pertenecientes a la ASOCIACION y dar\u00e1 cumplimiento a las \u00f3rdenes de pago que expida el Presidente. <\/span><\/p>\n<p>&nbsp;<\/p>\n<p><b>Art\u00edculo 15.- <\/b><span style=\"font-weight: 400;\">\u00a0<\/span><b>LOS VOCALES<\/b><\/p>\n<p>Los Vocales tendr\u00e1n las obligaciones propias de su cargo como miembros de la Junta Directiva, y as\u00ed como las que nazcan de las delegaciones o comisiones de trabajo que la propia Junta las encomiende.<\/p>\n<p><strong>\u00a0<\/strong><\/p>\n<p><b>CAPITULO III <\/b><\/p>\n<p><b>ASAMBLEA GENERAL <\/b><\/p>\n<p><b>Art\u00edculo 16.-<\/b> <b>ASAMBLEA GENERAL<\/b><\/p>\n<p><span style=\"font-weight: 400;\">La Asamblea General es el \u00f3rgano supremo de gobierno de la ASOCIACI\u00d3N y estar\u00e1 integrada por todos los asociados.<\/span><\/p>\n<p>&nbsp;<\/p>\n<p><b>Art\u00edculo 17.-<\/b> <b>ASAMBLEA GENERAL ORDINARIA Y EXTRAORDINARIA<\/b><\/p>\n<p><span style=\"font-weight: 400;\">Las reuniones de la Asamblea General ser\u00e1n ordinarias y extraordinarias. La ordinaria se celebrar\u00e1 una vez al a\u00f1o dentro de los seis meses siguientes al cierre del ejercicio; las extraordinarias se celebrar\u00e1n cuando las circunstancias lo aconsejen, a juicio del Presidente, cuando la Junta Directiva lo acuerde o cuando lo proponga por escrito una d\u00e9cima parte de los asociados. <\/span><\/p>\n<p><strong>\u00a0<\/strong><\/p>\n<p><b>Art\u00edculo 18.-<\/b><span style=\"font-weight: 400;\"> \u00a0<\/span><b>CONVOCATORIA ASAMBLEA GENERAL<\/b><\/p>\n<p><span style=\"font-weight: 400;\">Las convocatorias de las Asambleas Generales se realizar\u00e1n por escrito expresando el lugar, d\u00eda y hora de la reuni\u00f3n as\u00ed como el orden del d\u00eda con expresi\u00f3n concreta de los asuntos a tratar. Entre la convocatoria y el d\u00eda se\u00f1alado para la celebraci\u00f3n de la Asamblea en primera convocatoria habr\u00e1n de mediar al menos quince d\u00edas, pudiendo as\u00ed mismo hacerse constar si procediera la fecha y hora en que se reunir\u00e1 la Asamblea en segunda convocatoria, sin que entre una y otra pueda mediar un plazo inferior a una hora. <\/span><\/p>\n<p><strong>\u00a0<\/strong><\/p>\n<p><b>Art\u00edculo 19.- <\/b><span style=\"font-weight: 400;\">\u00a0<\/span><b>QUORUM Y ADOPCI\u00d3N DE ACUERDOS<\/b><\/p>\n<p><span style=\"font-weight: 400;\">Las Asambleas Generales, tanto ordinarias como extraordinarias, quedar\u00e1n v\u00e1lidamente constituidas en primera convocatoria cuando concurran a ella, presentes o representados, un tercio de los asociados con derecho a voto, y en segunda convocatoria cualquiera que sea el n\u00famero de asociados con derecho a voto. <\/span><\/p>\n<p><span style=\"font-weight: 400;\">Los acuerdos se tomar\u00e1n por mayor\u00eda simple de las personas presentes o representadas cuando los votos afirmativos superen a los negativos, no siendo computables a estos efectos los votos nulos, en blanco, ni las abstenciones. <\/span><\/p>\n<p><span style=\"font-weight: 400;\">Ser\u00e1 necesario mayor\u00eda cualificada de las personas presentes o representadas, que resultar\u00e1 cuando los votos afirmativos superen la mitad de \u00e9stas, para la adopci\u00f3n de los siguientes acuerdos:<\/span><\/p>\n<ol>\n<li><span style=\"font-weight: 400;\">Disoluci\u00f3n de la entidad. <\/span><\/li>\n<li><span style=\"font-weight: 400;\">Modificaci\u00f3n de Estatutos. <\/span><\/li>\n<li><span style=\"font-weight: 400;\">Disposici\u00f3n o enajenaci\u00f3n de bienes integrantes del inmovilizado. <\/span><\/li>\n<li><span style=\"font-weight: 400;\">Remuneraci\u00f3n de los miembros del \u00f3rgano de representaci\u00f3n. <\/span><\/li>\n<\/ol>\n<p>&nbsp;<\/p>\n<p><b>Art\u00edculo 20.-<\/b><span style=\"font-weight: 400;\"> \u00a0<\/span><b>FACULTADES DE LA ASAMBLEA GENERAL<\/b><\/p>\n<p><span style=\"font-weight: 400;\">Son facultades de la Asamblea General: <\/span><\/p>\n<ol>\n<li><span style=\"font-weight: 400;\">Aprobar la gesti\u00f3n de la Junta Directiva. <\/span><\/li>\n<li><span style=\"font-weight: 400;\">Examinar y aprobar las Cuentas Anuales. <\/span><\/li>\n<li><span style=\"font-weight: 400;\">Elegir a los miembros de la Junta Directiva. <\/span><\/li>\n<li><span style=\"font-weight: 400;\">Fijar las cuotas ordinarias o extraordinarias. <\/span><\/li>\n<li><span style=\"font-weight: 400;\">Disoluci\u00f3n de la ASOCIACION. <\/span><\/li>\n<li><span style=\"font-weight: 400;\">Modificaci\u00f3n de los Estatutos. <\/span><\/li>\n<li><span style=\"font-weight: 400;\">Disposici\u00f3n o enajenaci\u00f3n de los bienes <\/span><\/li>\n<li><span style=\"font-weight: 400;\">Acordar, en su caso, la remuneraci\u00f3n de los miembros de los \u00f3rganos de representaci\u00f3n. <\/span><\/li>\n<li><span style=\"font-weight: 400;\">Cualquiera otra que no sea competencia atribuida a otro \u00f3rgano social. <\/span><\/li>\n<\/ol>\n<p><strong>\u00a0<\/strong><\/p>\n<p><b>CAPITULO IV <\/b><\/p>\n<p><b>SOCIOS <\/b><\/p>\n<p><b>Art\u00edculo 21.-<\/b> <b>SOCIOS<\/b><\/p>\n<p><span style=\"font-weight: 400;\">Podr\u00e1n pertenecer a la ASOCIACI\u00d3N aquellas personas, f\u00edsicas o jur\u00eddicas, con capacidad de obrar<\/span> <span style=\"font-weight: 400;\">que tengan inter\u00e9s en el desarrollo de los fines de la ASOCIACI\u00d3N. <\/span><\/p>\n<p><strong>\u00a0<\/strong><\/p>\n<p><b>Art\u00edculo 22.-<\/b> <b>CLASES DE SOCIOS<\/b><\/p>\n<p>Dentro de la ASOCIACION existir\u00e1n las siguientes clases de socios:<\/p>\n<ol>\n<li><span style=\"font-weight: 400;\">Socios fundadores, que ser\u00e1n aquellos que participen en el acto de constituci\u00f3n de la ASOCIACION. <\/span><\/li>\n<li><span style=\"font-weight: 400;\">Socios de n\u00famero, que ser\u00e1n los que ingresen despu\u00e9s de la constituci\u00f3n de \u00a0\u00a0\u00a0\u00a0\u00a0\u00a0\u00a0\u00a0\u00a0\u00a0la ASOCIACI\u00d3N. <\/span><\/li>\n<li><span style=\"font-weight: 400;\">Socios de honor, los que por su prestigio o por haber contribuido de modo relevante a la dignificaci\u00f3n y desarrollo de la ASOCIACI\u00d3N se hagan acreedores a tal distinci\u00f3n. El nombramiento de los socios de honor corresponder\u00e1 a la Junta Directiva. <\/span><\/li>\n<\/ol>\n<p><strong>\u00a0<\/strong><\/p>\n<p><b>Art\u00edculo 23.-<\/b> <b>CESE DE SOCIOS<\/b><\/p>\n<p><span style=\"font-weight: 400;\">Se perder\u00e1 la condici\u00f3n de Socio de la ASOCIACI\u00d3N por los siguientes motivos: <\/span><\/p>\n<ol>\n<li><span style=\"font-weight: 400;\">Baja voluntaria comunicada por escrito a la Junta Directiva. <\/span><\/li>\n<li><span style=\"font-weight: 400;\">Fallecimiento, quiebra o condena que lleve consigo la p\u00e9rdida de derechos civiles del Socio.<\/span><\/li>\n<li><span style=\"font-weight: 400;\">Liquidaci\u00f3n o concurso de acreedores de la Sociedad o persona jur\u00eddica de que se trate.<\/span><\/li>\n<li><span style=\"font-weight: 400;\">Expulsi\u00f3n, expresamente decretada por la Junta Directiva, cuando a juicio de \u00e9sta, el Socio de la ASOCIACI\u00d3N no cumpla con los presentes Estatutos, o cometa un acto grave que a juicio de la Junta Directiva merezca su expulsi\u00f3n.<\/span><\/li>\n<\/ol>\n<p><span style=\"font-weight: 400;\">El Socio expulsado podr\u00e1 apelar contra la resoluci\u00f3n de la Junta Directiva, ante la primera Asamblea General que se celebre. <\/span><\/p>\n<p><strong>\u00a0<\/strong><\/p>\n<p><b>Art\u00edculo 24.-<\/b> <b>DERECHOS DE LOS SOCIOS<\/b><\/p>\n<p><span style=\"font-weight: 400;\">Los socios de n\u00famero y fundadores tendr\u00e1n los siguientes derechos: <\/span><\/p>\n<ol>\n<li><span style=\"font-weight: 400;\">Tomar parte en cuantas actividades organice la ASOCIACI\u00d3N en cumplimiento de sus fines. <\/span><\/li>\n<li><span style=\"font-weight: 400;\">Disfrutar de todas las ventajas y beneficios que la ASOCIACION pueda obtener. <\/span><\/li>\n<li><span style=\"font-weight: 400;\">Participar en las Asambleas con voz y voto. <\/span><\/li>\n<li><span style=\"font-weight: 400;\">Ser electores y elegibles para los cargos directivos. <\/span><\/li>\n<li><span style=\"font-weight: 400;\">Recibir informaci\u00f3n sobre los acuerdos adoptados por los \u00f3rganos de la ASOCIACION. <\/span><\/li>\n<li><span style=\"font-weight: 400;\">Hacer sugerencias a los miembros de la Junta Directiva en orden al mejor cumplimiento de los fines de la ASOCIACI\u00d3N.<\/span><\/li>\n<\/ol>\n<p><strong>\u00a0<\/strong><\/p>\n<p><b>Art\u00edculo 25.-<\/b> <b>OBLIGACIONES DE LOS SOCIOS<\/b><\/p>\n<p><span style=\"font-weight: 400;\">Los socios fundadores y de n\u00famero tendr\u00e1n las siguientes obligaciones: <\/span><\/p>\n<ol>\n<li><span style=\"font-weight: 400;\">Cumplir los presentes Estatutos y los acuerdos v\u00e1lidos de las Asambleas y la Junta Directiva. <\/span><\/li>\n<li><span style=\"font-weight: 400;\">Abonar las cuotas que se fijen. <\/span><\/li>\n<li><span style=\"font-weight: 400;\">Asistir a las Asambleas y dem\u00e1s actos que se organicen. <\/span><\/li>\n<li><span style=\"font-weight: 400;\">Desempe\u00f1ar, en su caso, las obligaciones inherentes al cargo que ocupen. <\/span><\/li>\n<\/ol>\n<p>&nbsp;<\/p>\n<p><b>Art\u00edculo 26.-<\/b><span style=\"font-weight: 400;\"> \u00a0<\/span><b>SOCIOS DE HONOR<\/b><\/p>\n<p><span style=\"font-weight: 400;\">Los socios de honor tendr\u00e1n las mismas obligaciones que los fundadores y de n\u00famero a excepci\u00f3n de las previstas en los apartados b) y d), del art\u00edculo anterior. <\/span><\/p>\n<p><span style=\"font-weight: 400;\">Asimismo, tendr\u00e1n los mismos derechos a excepci\u00f3n de los que figuran en los apartados c) y d) del art\u00edculo 24, pudiendo asistir a las asambleas sin derecho de voto. <\/span><\/p>\n<p><strong>\u00a0<\/strong><\/p>\n<p><b>Art\u00edculo 27.-<\/b><span style=\"font-weight: 400;\"> \u00a0<\/span><b>RECURSOS ECONOMICOS<\/b><\/p>\n<p><span style=\"font-weight: 400;\">Los recursos econ\u00f3micos previstos para el desarrollo de los fines y actividades de la Asociaci\u00f3n ser\u00e1n los siguientes: <\/span><\/p>\n<ol>\n<li><span style=\"font-weight: 400;\">Las cuotas de socios, peri\u00f3dicas o extraordinarias. <\/span><\/li>\n<li><span style=\"font-weight: 400;\">Las subvenciones, legados o herencias que pudiera recibir de forma legal por parte de los asociados o de terceras personas. <\/span><\/li>\n<li><span style=\"font-weight: 400;\">Cualquier otro recurso l\u00edcito.<\/span><\/li>\n<\/ol>\n<p><strong>\u00a0<\/strong><\/p>\n<p><b>Art\u00edculo 28.-<\/b> <b>\u00a0PATRIMONIO<\/b><\/p>\n<p><span style=\"font-weight: 400;\">La ASOCIACI\u00d3N \u00a0carece de patrimonio fundacional.<\/span><\/p>\n<p><strong>\u00a0<\/strong><\/p>\n<p><b>Art\u00edculo 29.-<\/b> <b>EJERCICIO ECONOMICO<\/b><\/p>\n<p><span style=\"font-weight: 400;\">El ejercicio asociativo y econ\u00f3mico ser\u00e1 anual y su cierre tendr\u00e1 lugar el<\/span> <span style=\"font-weight: 400;\">31 de diciembre de cada a\u00f1o. <\/span><\/p>\n<p><strong>\u00a0<\/strong><\/p>\n<p><b>CAPITULO V <\/b><\/p>\n<p><b>DISOLUCI\u00d3N <\/b><\/p>\n<p><b>Art\u00edculo 30.-<\/b> <b>DISOLUCION<\/b><\/p>\n<p><span style=\"font-weight: 400;\">Se disolver\u00e1 voluntariamente cuando as\u00ed lo acuerde la Asamblea General Extraordinaria, convocada al efecto, con arreglo a lo dispuesto en el art\u00edculo 19 de los presentes Estatutos. <\/span><\/p>\n<p><b>Art\u00edculo 31.-<\/b> <b>COMISION LIQUIDADORA<\/b><\/p>\n<p><span style=\"font-weight: 400;\">En caso de disoluci\u00f3n, se nombrar\u00e1 una comisi\u00f3n liquidadora la cual, una vez extinguidas las deudas, y si existiese sobrante liquido lo destinar\u00e1 para fines que no desvirt\u00faen su naturaleza no lucrativa (concretamente se distribuir\u00e1 entre instituciones ben\u00e9ficas de Espa\u00f1a y Polonia). <\/span><strong><br \/>\n<\/strong><\/p>\n<p><b>DISPOSICION ADICIONAL <\/b><\/p>\n<p><span style=\"font-weight: 400;\">Estos estatutos ser\u00e1n redactados en los idiomas espa\u00f1ol y polaco. En el caso de que se plantee alguna duda respecto al texto o interpretaci\u00f3n de alguno de los art\u00edculos, esta la resolver\u00e1 la Junta Directiva.<\/span><\/p>\n<p><span style=\"font-weight: 400;\">En todo cuanto no est\u00e9 previsto en los presentes Estatutos se aplicar\u00e1 la vigente Ley Org\u00e1nica 1\/2002, de 22 de marzo, reguladora del Derecho de Asociaci\u00f3n, y las disposiciones complementarias. <\/span><\/p>\n<p><span style=\"font-weight: 400;\">DILIGENCIA para hacer constar que los presentes estatutos recogen las modificaciones acordadas en la Asamblea General Ordinaria y Extraordinaria de fecha 30 de junio de 2015.<\/span><\/p>\n<p><span style=\"font-weight: 400;\">V\u00baB\u00ba<br \/>\n<\/span><span style=\"font-weight: 400;\">EL PRESIDENTE<\/span><strong><br \/>\n<span style=\"font-weight: 400;\">D. Javier Sosnowski Zielinski<\/span> <\/strong><\/p>\n<p><strong><span style=\"font-weight: 400;\"> EL SECRETARIO<br \/>\nD. Fernando Borrachero Kieselack<\/span><br \/>\n<\/strong><\/p>\n<\/div><\/div><\/div><\/div><\/div>\n","protected":false},"excerpt":{"rendered":"EstatutosESTATUTOS DE LA C\u00c1MARA DE COMERCIO HISPANO-POLACA &nbsp; CAPITULO I DENOMINACI\u00d3N, FINES, DOMICILIO Y \u00c1MBITO Art\u00edculo 1.- DENOMINACION Con la denominaci\u00f3n de CAMARA DE COMERCIO HISPANO-POLACA se constituye una ASOCIACION ...","protected":false},"author":4,"featured_media":0,"parent":0,"menu_order":0,"comment_status":"closed","ping_status":"closed","template":"template-layout-content-sidebar.php","meta":[],"_links":{"self":[{"href":"https:\/\/www.hpih.org\/es\/wp-json\/wp\/v2\/pages\/293"}],"collection":[{"href":"https:\/\/www.hpih.org\/es\/wp-json\/wp\/v2\/pages"}],"about":[{"href":"https:\/\/www.hpih.org\/es\/wp-json\/wp\/v2\/types\/page"}],"author":[{"embeddable":true,"href":"https:\/\/www.hpih.org\/es\/wp-json\/wp\/v2\/users\/4"}],"replies":[{"embeddable":true,"href":"https:\/\/www.hpih.org\/es\/wp-json\/wp\/v2\/comments?post=293"}],"version-history":[{"count":7,"href":"https:\/\/www.hpih.org\/es\/wp-json\/wp\/v2\/pages\/293\/revisions"}],"predecessor-version":[{"id":659,"href":"https:\/\/www.hpih.org\/es\/wp-json\/wp\/v2\/pages\/293\/revisions\/659"}],"wp:attachment":[{"href":"https:\/\/www.hpih.org\/es\/wp-json\/wp\/v2\/media?parent=293"}],"curies":[{"name":"wp","href":"https:\/\/api.w.org\/{rel}","templated":true}]}}